{"id":30,"date":"2016-08-28T21:38:05","date_gmt":"2016-08-28T20:38:05","guid":{"rendered":"http:\/\/www.sermaisepatrimoine.fr\/?page_id=30"},"modified":"2021-10-14T18:06:06","modified_gmt":"2021-10-14T17:06:06","slug":"histoire-de-leglise","status":"publish","type":"page","link":"http:\/\/www.sermaisepatrimoine.fr\/index.php\/histoire-de-leglise\/","title":{"rendered":"Notre \u00e9glise"},"content":{"rendered":"<p><strong>Son histoire:<\/strong><\/p>\n<p><em>Les \u00e9l\u00e9ments ci-dessous sont extraits de l&rsquo;\u00e9tude r\u00e9alis\u00e9e en mai 2013, par Monsieur\u00a0S. BERHAULT, architecte du patrimoine, du\u00a0cabinet d&rsquo;\u00e9tude AEdificio.<\/em><\/p>\n<p>L\u2019\u00e9glise de Sermaise, dite \u00ab\u00a0Notre Dame en sa nativit\u00e9\u00a0\u00bb, est l\u2019exemple typique d\u2019une \u00e9glise rurale ayant \u00e9volu\u00e9 au fur et \u00e0 mesure des temps, passant de la petite chapelle \u00e0 un monument imposant.<br \/>Outre l\u2019int\u00e9r\u00eat documentaire, il est impossible de faire l\u2019impasse sur les principales phases constructives du monument car c\u2019est justement d\u2019elles que d\u00e9pendent parfois les pathologies constat\u00e9es aujourd&rsquo;hui. C\u2019est \u00e9galement le seul moyen de proposer une datation des diff\u00e9rentes parties, datation qui permettra d\u2019ajuster les techniques de restauration et d\u2019\u00e9viter tout anachronisme.<br \/>L\u2019observation des \u00e9l\u00e9vations \u00e0 l\u2019int\u00e9rieur m\u00eame des charpentes est souvent r\u00e9v\u00e9latrice de l\u2019\u00e9volution du b\u00e2timent. En effet, celles-ci \u00e9tant inaccessibles aux fid\u00e8les, les constructeurs ne cherchent pas \u00e0 faire dispara\u00eetre les traces de leurs interventions, comme dans le reste de l\u2019\u00e9difice.<\/p>\n<p><img decoding=\"async\" loading=\"lazy\" class=\"alignnone  wp-image-749\" src=\"http:\/\/www.sermaisepatrimoine.fr\/wp-content\/uploads\/2016\/08\/2016.DSC_0626-300x201.jpg\" alt=\"\" width=\"329\" height=\"221\" srcset=\"http:\/\/www.sermaisepatrimoine.fr\/wp-content\/uploads\/2016\/08\/2016.DSC_0626-300x201.jpg 300w, http:\/\/www.sermaisepatrimoine.fr\/wp-content\/uploads\/2016\/08\/2016.DSC_0626-768x514.jpg 768w, http:\/\/www.sermaisepatrimoine.fr\/wp-content\/uploads\/2016\/08\/2016.DSC_0626-1024x685.jpg 1024w\" sizes=\"(max-width: 329px) 100vw, 329px\" \/> \u00a0<img decoding=\"async\" loading=\"lazy\" class=\"alignnone  wp-image-757\" src=\"http:\/\/www.sermaisepatrimoine.fr\/wp-content\/uploads\/2016\/08\/2018.DSC_2056-300x200.jpg\" alt=\"\" width=\"329\" height=\"219\" srcset=\"http:\/\/www.sermaisepatrimoine.fr\/wp-content\/uploads\/2016\/08\/2018.DSC_2056-300x200.jpg 300w, http:\/\/www.sermaisepatrimoine.fr\/wp-content\/uploads\/2016\/08\/2018.DSC_2056-768x512.jpg 768w, http:\/\/www.sermaisepatrimoine.fr\/wp-content\/uploads\/2016\/08\/2018.DSC_2056-1024x683.jpg 1024w\" sizes=\"(max-width: 329px) 100vw, 329px\" \/> \u00a0<\/p>\n<p>PHASE 1 &#8211; Fin XI\u00a0\u00e8me, d\u00e9but XII \u00e8me\u00a0si\u00e8cle &#8211;\u00a0Chapelle castrale<br \/>L\u2019\u00e9poque de construction et le volume de la chapelle primitive, en plus de\u00a0son implantation particuli\u00e8re dans le village, nous am\u00e8ne \u00e0 postuler qu\u2019il s\u2019agissait d\u2019une chapelle castrale isol\u00e9e, d\u2019un volume proche de celui de la chapelle de Blancheface.<\/p>\n<p>PHASE 2 &#8211; Fin XII\u00a0\u00e8me, d\u00e9but XIII \u00e8me\u00a0si\u00e8cle &#8211; Clocher<br \/>La seconde phase voit la construction du clocher. Celui-ci est alors construit hors-\u0153uvre sauf sur un c\u00f4t\u00e9. L\u2019importante \u00e9paisseur de ses ma\u00e7onneries et la pr\u00e9sence de baies obtur\u00e9es c\u00f4t\u00e9 combles le confirment.<br \/>Le clocher hors-\u0153uvre est une sp\u00e9cificit\u00e9 de la fin du XII \u00e8me si\u00e8cle, d\u00e9but du XIII \u00e8me si\u00e8cle. La construction d\u2019un clocher indique que l\u2019\u00e9glise n\u2019a plus alors son statut de chapelle castrale.<\/p>\n<p>PHASE 3 &#8211; XIII\u00a0\u00e8me\u00a0si\u00e8cle &#8211; Nef avec charpente apparente<br \/>La troisi\u00e8me phase d\u2019agrandissement est la cr\u00e9ation d\u2019une grande nef au XIII \u00e8me si\u00e8cle. Celle-ci comprenait les volumes du vaisseau central de la nef actuelle et du bas cot\u00e9 sud.<br \/>A cette \u00e9poque, la chapelle romane devient de fait le ch\u0153ur, sanctuaire de l\u2019\u00e9glise. La s\u00e9paration entre le profane et le sacr\u00e9 est assur\u00e9 par l\u2019arc triomphal nouvellement r\u00e9alis\u00e9. Pour des raisons symboliques, le sanctuaire se doit d\u2019\u00eatre dot\u00e9 d\u2019une vo\u00fbte \u00e0 l\u2019\u00e9poque m\u00e9di\u00e9vale, simple vo\u00fbte d\u2019ar\u00eate ou plus sophistiqu\u00e9es crois\u00e9e d\u2019ogives.<\/p>\n<p>PHASE 4 &#8211; XIII-XIV \u00e8me \u00a0si\u00e8cles &#8211; Couvrement du ch\u0153ur<br \/>Au XVI \u00e8me si\u00e8cle de nombreux travaux sont entrepris dans la logique des grandes campagnes de reconstruction d\u2019apr\u00e8s la Guerre de Cent ans. On constate la construction hors-\u0153uvre du bas-c\u00f4t\u00e9 nord avec le percement de l\u2019ancien mur gouttereau plein et la cr\u00e9ation du bas-c\u00f4t\u00e9\u00a0sud dans l\u2019emprise de l\u2019ancienne nef avec la construction de la file des grandes arcades.<\/p>\n<p>PHASES 5 et 6 &#8211; Cr\u00e9ation des bas-c\u00f4t\u00e9s<br \/>Afin de permettre le couvrement du bas-c\u00f4t\u00e9 nord sous un m\u00eame versant de toiture avec la nef mais aussi dans l\u2019optique manifeste de doter la nef d\u2019un couvrement lourd, le mur gouttereau nord de la nef est sur\u00e9lev\u00e9 de mani\u00e8re \u00e0 s\u2019aligner sur le niveau de l\u2019arase du ch\u0153ur. L\u2019\u00e9difice pouvait alors recevoir un seul et m\u00eame comble sans diff\u00e9renciation des espaces int\u00e9rieurs, lui conf\u00e9rant une allure ext\u00e9rieure d\u2019\u00e9glise-halle.<br \/>Cette phase d\u2019agrandissement est en fait \u00e0 scinder en deux chantiers distants de quelques ann\u00e9es. Un \u00ab coup de sabre \u00bb visible sur la fa\u00e7ade nord entre la 3 \u00e8me et la 4 \u00e8me trav\u00e9e ouest indique une interruption dans la cr\u00e9ation du bas-c\u00f4t\u00e9 nord qui semble donc avoir d\u00e9marr\u00e9\u00a0par les deux trav\u00e9es est.<br \/>La dendrochronologie confirme cette interruption de\u00a0quelques ann\u00e9es puisque la charpente du ch\u0153ur est\u00a0dat\u00e9e de 1501 et que les charpentes des bas-c\u00f4t\u00e9s\u00a0et de la nef sont manifestement r\u00e9alis\u00e9es en une\u00a0seule fois mais avec un d\u00e9calage de 7 ann\u00e9es\u00a0(1508).<\/p>\n<p>Les vo\u00fbtes sont ensuite r\u00e9alis\u00e9es (ann\u00e9es 1509-1510 et suivantes) ce qui est bien conforme \u00e0 leur\u00a0typologie et d\u00e9tails stylistiques (cl\u00e9 de vo\u00fbtes, culots\u00a0et nervures). Leur r\u00e9alisation dans l\u2019espace d\u2019une\u00a0structure non con\u00e7ue initialement pour les recevoir\u00a0cr\u00e9e, en de multiples endroits, des \u00ab chameaux \u00bb,\u00a0d\u00e9calages, d\u00e9saxement, etc.<\/p>\n<p><img decoding=\"async\" loading=\"lazy\" class=\"wp-image-59 aligncenter\" src=\"http:\/\/www.sermaisepatrimoine.fr\/wp-content\/uploads\/2016\/08\/construction.png\" alt=\"construction\" width=\"556\" height=\"362\" srcset=\"http:\/\/www.sermaisepatrimoine.fr\/wp-content\/uploads\/2016\/08\/construction.png 856w, http:\/\/www.sermaisepatrimoine.fr\/wp-content\/uploads\/2016\/08\/construction-300x195.png 300w, http:\/\/www.sermaisepatrimoine.fr\/wp-content\/uploads\/2016\/08\/construction-768x500.png 768w\" sizes=\"(max-width: 556px) 100vw, 556px\" \/><\/p>\n<p>\u00a0\u00a0<strong>Les d\u00e9sordres constat\u00e9s en 2013:<\/strong><\/p>\n<p><em>Les \u00e9l\u00e9ments ci-dessous sont extraits de l\u2019\u00e9tude r\u00e9alis\u00e9e en mai 2013, par Monsieur S. BERHAULT, Architecte du patrimoine, du cabinet Aedificio.<\/em><\/p>\n<p>La ma\u00e7onnerie :<\/p>\n<p>Certains murs de sout\u00e8nement des poutres se sont d\u00e9grad\u00e9s, ou enfonc\u00e9s dans le sol, ce qui d\u00e9forme d\u2019autant la charpente, et g\u00e9n\u00e8re des d\u00e9sordres sur la structure.<\/p>\n<p>La charpente :<\/p>\n<p>Les\u00a0poutres composant la ferme qui s\u00e9pare la nef et le ch\u0153ur sont endommag\u00e9es du fait de l\u2019humidit\u00e9 qui ruisselle lors des pluies.\u00a0Plusieurs\u00a0d\u00e9sassemblages de\u00a0pi\u00e8ces ont \u00e9t\u00e9 rep\u00e9r\u00e9s (t\u00eate de chevron d\u00e9bo\u00eet\u00e9e,\u00a0par exemple), ils\u00a0g\u00e9n\u00e8rent des pouss\u00e9es suppl\u00e9mentaires sur les murs, ce qui explique les fissures dans les vo\u00fbtes.<\/p>\n<p>La toiture :<\/p>\n<p>Les tuiles elles-m\u00eames sont tr\u00e8s \u00e2g\u00e9es et sont arriv\u00e9es \u00e0 une telle usure qu\u2019elles se d\u00e9litent compl\u00e8tement en de multiples endroits.<\/p>\n<p><strong>Les travaux achev\u00e9s mi 2021 :<\/strong><\/p>\n<ul>\n<li>Renforcement des parties de charpente endommag\u00e9es.<\/li>\n<li>Cr\u00e9ation de demi-fermes neuves en ch\u00eane charg\u00e9es de reprendre les charges de couverture.<\/li>\n<li>Reprise des ma\u00e7onneries endommag\u00e9es au niveau des appuis de la charpente.<\/li>\n<li>R\u00e9fection compl\u00e8te de la couverture sur liteaunage neuf en sapin du nord.<\/li>\n<\/ul>\n<p>\u00a0<\/p>\n\n\n<figure class=\"wp-block-image size-large\"><img decoding=\"async\" loading=\"lazy\" width=\"1024\" height=\"337\" src=\"http:\/\/www.sermaisepatrimoine.fr\/wp-content\/uploads\/2021\/10\/200.Photos-page-dentree-Notre-eglise-1024x337.png\" alt=\"\" class=\"wp-image-1790\" srcset=\"http:\/\/www.sermaisepatrimoine.fr\/wp-content\/uploads\/2021\/10\/200.Photos-page-dentree-Notre-eglise-1024x337.png 1024w, http:\/\/www.sermaisepatrimoine.fr\/wp-content\/uploads\/2021\/10\/200.Photos-page-dentree-Notre-eglise-300x99.png 300w, http:\/\/www.sermaisepatrimoine.fr\/wp-content\/uploads\/2021\/10\/200.Photos-page-dentree-Notre-eglise-768x253.png 768w, http:\/\/www.sermaisepatrimoine.fr\/wp-content\/uploads\/2021\/10\/200.Photos-page-dentree-Notre-eglise.png 1185w\" sizes=\"(max-width: 1024px) 100vw, 1024px\" \/><\/figure>\n","protected":false},"excerpt":{"rendered":"<p>Son histoire: Les \u00e9l\u00e9ments ci-dessous sont extraits de l&rsquo;\u00e9tude r\u00e9alis\u00e9e en mai 2013, par Monsieur\u00a0S. BERHAULT, architecte du patrimoine, du\u00a0cabinet d&rsquo;\u00e9tude AEdificio. L\u2019\u00e9glise de Sermaise, dite \u00ab\u00a0Notre Dame en sa nativit\u00e9\u00a0\u00bb, est l\u2019exemple typique d\u2019une \u00e9glise rurale ayant \u00e9volu\u00e9 au&hellip; <\/p>\n","protected":false},"author":3,"featured_media":1787,"parent":0,"menu_order":2,"comment_status":"closed","ping_status":"closed","template":"","meta":{"_mi_skip_tracking":false},"aioseo_notices":[],"_links":{"self":[{"href":"http:\/\/www.sermaisepatrimoine.fr\/index.php\/wp-json\/wp\/v2\/pages\/30"}],"collection":[{"href":"http:\/\/www.sermaisepatrimoine.fr\/index.php\/wp-json\/wp\/v2\/pages"}],"about":[{"href":"http:\/\/www.sermaisepatrimoine.fr\/index.php\/wp-json\/wp\/v2\/types\/page"}],"author":[{"embeddable":true,"href":"http:\/\/www.sermaisepatrimoine.fr\/index.php\/wp-json\/wp\/v2\/users\/3"}],"replies":[{"embeddable":true,"href":"http:\/\/www.sermaisepatrimoine.fr\/index.php\/wp-json\/wp\/v2\/comments?post=30"}],"version-history":[{"count":31,"href":"http:\/\/www.sermaisepatrimoine.fr\/index.php\/wp-json\/wp\/v2\/pages\/30\/revisions"}],"predecessor-version":[{"id":1793,"href":"http:\/\/www.sermaisepatrimoine.fr\/index.php\/wp-json\/wp\/v2\/pages\/30\/revisions\/1793"}],"wp:featuredmedia":[{"embeddable":true,"href":"http:\/\/www.sermaisepatrimoine.fr\/index.php\/wp-json\/wp\/v2\/media\/1787"}],"wp:attachment":[{"href":"http:\/\/www.sermaisepatrimoine.fr\/index.php\/wp-json\/wp\/v2\/media?parent=30"}],"curies":[{"name":"wp","href":"https:\/\/api.w.org\/{rel}","templated":true}]}}